{"id":19464,"date":"2020-10-09T08:36:17","date_gmt":"2020-10-09T08:36:17","guid":{"rendered":"https:\/\/www.apen.es\/?page_id=19464"},"modified":"2025-07-17T10:13:20","modified_gmt":"2025-07-17T10:13:20","slug":"reglament-general-de-proteccio-de-dades","status":"publish","type":"page","link":"https:\/\/www.apen.es\/ca\/reglamento-general-de-proteccion-de-datos\/","title":{"rendered":"Reglament General de Protecci\u00f3 de Dades"},"content":{"rendered":"<h3 class=\"wp-block-heading\"><strong>El Reglament General de Protecci\u00f3 de Dades i la seva import\u00e0ncia a empreses<\/strong><\/h3>\n\n\n\n<p>El <strong>Reglament General de Protecci\u00f3 de Dades<\/strong> s&#039;aplica a qualsevol empresa o entitat que processi dades personals com a part de les seves activitats a la Uni\u00f3 Europea (UE), independentment d&#039;on es processin les dades; o una empresa establerta fora de la UE que ofereix b\u00e9ns o serveis o supervisa el comportament de les persones a la UE.<\/p>\n\n\n\n<p>El <strong>Reglament General de Protecci\u00f3 de Dades<\/strong> ha de ser respectat per totes les empreses, incloses les petites i mitjanes, per\u00f2, si el processament de dades personals no \u00e9s una part fonamental del seu negoci i la seva activitat no crea riscos per a les persones, algunes obligacions del <strong>Reglament General de Protecci\u00f3 de Dades<\/strong> no s&#039;hi aplicaran.<\/p>\n\n\n\n<p>El que estableix el <strong>Reglament General de Protecci\u00f3 de Dades<\/strong> nom\u00e9s s&#039;apliquen a les dades personals sobre persones, no regeixen les dades sobre empreses o qualsevol altra entitat legal. Aix\u00f2 no obstant, la informaci\u00f3 relativa a empreses unipersonals pot constituir dades personals quan permeti la identificaci\u00f3 d&#039;una persona f\u00edsica. Les regles tamb\u00e9 s&#039;apliquen a totes les dades personals relacionades amb persones f\u00edsiques durant una activitat professional, com els empleats d&#039;una empresa o n\u00fameros de tel\u00e8fon comercials dels empleats.<\/p>\n\n\n\n<p>D&#039;acord amb el <strong>Reglament General de Protecci\u00f3 de Dades,<\/strong> el tipus i la quantitat dinformaci\u00f3 que una empresa pot processar dependr\u00e0 de la ra\u00f3 legal per fer-ho i l\u00fas previst.<\/p>\n\n\n\n<p>Les dades han de ser tractades de forma legal i transparent, amb fins espec\u00edfics per al processament de les dades i l&#039;empresa ha d&#039;indicar aquests fins a les persones en recopilar les dades personals. Una empresa no pot simplement recopilar dades personals per a fins indefinits, a m\u00e9s s&#039;ha d&#039;assegurar que les dades personals siguin precises i estiguin actualitzades, tenint en compte els fins per als quals es processen.<\/p>\n\n\n\n<p>El <strong>Reglament General de Protecci\u00f3 de Dades<\/strong> tamb\u00e9 indica que la informaci\u00f3 s&#039;ha d&#039;emmagatzemar durant el menor temps possible. Aquest per\u00edode ha de tenir en compte les raons per les quals cal processar les dades, aix\u00ed com qualsevol obligaci\u00f3 legal de conservar-les durant un per\u00edode de temps. Cada empresa ha destablir l\u00edmits de temps per esborrar o revisar les dades emmagatzemades. Excepcionalment, les dades personals es poden conservar durant un per\u00edode m\u00e9s prolongat amb fins d&#039;arxiu d&#039;inter\u00e8s p\u00fablic o per motius de recerca cient\u00edfica o hist\u00f2rica, sempre que s&#039;hi adoptin les mesures t\u00e8cniques i organitzatives adequades.<\/p>\n\n\n\n<p>En el moment de recopilar les dades, les persones han d&#039;estar clarament informades sobre qui \u00e9s la seva empresa, el prop\u00f2sit que persegueix, les categories de les dades, la seva justificaci\u00f3, qui m\u00e9s podria rebre les seves dades, les categories de dades personals en q\u00fcesti\u00f3, si les seves dades personals es transferiran a un destinatari fora de la UE i el seu dret a retirar el consentiment en qualsevol moment.<\/p>","protected":false},"excerpt":{"rendered":"<p>El Reglamento General de Protecci\u00f3n de Datos y su importancia en empresas El Reglamento General de Protecci\u00f3n de Datos se aplica a cualquier empresa o entidad que procese datos personales como parte de sus actividades en la Uni\u00f3n Europea (UE), independientemente de d\u00f3nde se procesen los datos; o una empresa establecida fuera de la UE&#8230;<\/p>","protected":false},"author":4,"featured_media":0,"parent":0,"menu_order":0,"comment_status":"closed","ping_status":"closed","template":"page-landing-RGPD.php","meta":{"_acf_changed":false,"_kad_blocks_custom_css":"","_kad_blocks_head_custom_js":"","_kad_blocks_body_custom_js":"","_kad_blocks_footer_custom_js":"","_kad_post_transparent":"","_kad_post_title":"","_kad_post_layout":"","_kad_post_sidebar_id":"","_kad_post_content_style":"","_kad_post_vertical_padding":"","_kad_post_feature":"","_kad_post_feature_position":"","_kad_post_header":false,"_kad_post_footer":false,"_kad_post_classname":"","footnotes":""},"class_list":["post-19464","page","type-page","status-publish","hentry"],"acf":[],"yoast_head":"<!-- This site is optimized with the Yoast SEO plugin v27.4 - https:\/\/yoast.com\/product\/yoast-seo-wordpress\/ -->\n<title>Reglamento General de Protecci\u00f3n de Datos - Apen Inform\u00e1tica<\/title>\n<meta name=\"description\" content=\"\u00a1Evita sanciones! Apen te adapta a las nuevas obligaciones. A partir de mayo de 2018 se debe adaptar a esta nueva normativa. Apen te asesora.\" \/>\n<meta name=\"robots\" content=\"index, follow, max-snippet:-1, max-image-preview:large, max-video-preview:-1\" \/>\n<link rel=\"canonical\" href=\"https:\/\/www.apen.es\/ca\/reglament-general-de-proteccio-de-dades\/\" \/>\n<meta property=\"og:locale\" content=\"ca_ES\" \/>\n<meta property=\"og:type\" content=\"article\" \/>\n<meta property=\"og:title\" content=\"Reglamento General de Protecci\u00f3n de Datos - Apen Inform\u00e1tica\" \/>\n<meta property=\"og:description\" content=\"\u00a1Evita sanciones! Apen te adapta a las nuevas obligaciones. A partir de mayo de 2018 se debe adaptar a esta nueva normativa. Apen te asesora.\" \/>\n<meta property=\"og:url\" content=\"https:\/\/www.apen.es\/ca\/reglament-general-de-proteccio-de-dades\/\" \/>\n<meta property=\"og:site_name\" content=\"Apen Inform\u00e1tica\" \/>\n<meta property=\"article:publisher\" content=\"https:\/\/www.facebook.com\/apensolucions\" \/>\n<meta property=\"article:modified_time\" content=\"2025-07-17T10:13:20+00:00\" \/>\n<meta property=\"og:image\" content=\"https:\/\/www.apen.es\/wp-content\/uploads\/2016\/05\/logo-apen-231x82-trasparent.png\" \/>\n\t<meta property=\"og:image:width\" content=\"231\" \/>\n\t<meta property=\"og:image:height\" content=\"82\" \/>\n\t<meta property=\"og:image:type\" content=\"image\/png\" \/>\n<meta name=\"twitter:card\" content=\"summary_large_image\" \/>\n<meta name=\"twitter:label1\" content=\"Temps estimat de lectura\" \/>\n\t<meta name=\"twitter:data1\" content=\"4 minuts\" \/>\n<script type=\"application\/ld+json\" class=\"yoast-schema-graph\">{\"@context\":\"https:\\\/\\\/schema.org\",\"@graph\":[{\"@type\":\"WebPage\",\"@id\":\"https:\\\/\\\/www.apen.es\\\/reglamento-general-de-proteccion-de-datos\\\/\",\"url\":\"https:\\\/\\\/www.apen.es\\\/reglamento-general-de-proteccion-de-datos\\\/\",\"name\":\"Reglamento General de Protecci\u00f3n de Datos - Apen Inform\u00e1tica\",\"isPartOf\":{\"@id\":\"https:\\\/\\\/www.apen.es\\\/#website\"},\"datePublished\":\"2020-10-09T08:36:17+00:00\",\"dateModified\":\"2025-07-17T10:13:20+00:00\",\"description\":\"\u00a1Evita sanciones! Apen te adapta a las nuevas obligaciones. A partir de mayo de 2018 se debe adaptar a esta nueva normativa. Apen te asesora.\",\"breadcrumb\":{\"@id\":\"https:\\\/\\\/www.apen.es\\\/reglamento-general-de-proteccion-de-datos\\\/#breadcrumb\"},\"inLanguage\":\"ca\",\"potentialAction\":[{\"@type\":\"ReadAction\",\"target\":[\"https:\\\/\\\/www.apen.es\\\/reglamento-general-de-proteccion-de-datos\\\/\"]}]},{\"@type\":\"BreadcrumbList\",\"@id\":\"https:\\\/\\\/www.apen.es\\\/reglamento-general-de-proteccion-de-datos\\\/#breadcrumb\",\"itemListElement\":[{\"@type\":\"ListItem\",\"position\":1,\"name\":\"Portada\",\"item\":\"https:\\\/\\\/www.apen.es\\\/\"},{\"@type\":\"ListItem\",\"position\":2,\"name\":\"Reglamento General de Protecci\u00f3n de Datos\"}]},{\"@type\":\"WebSite\",\"@id\":\"https:\\\/\\\/www.apen.es\\\/#website\",\"url\":\"https:\\\/\\\/www.apen.es\\\/\",\"name\":\"Apen Inform\u00e1tica\",\"description\":\"Mantenimiento Inform\u00e1tico , Software de Gesti\u00f3n, Soluciones de impresi\u00f3n\",\"publisher\":{\"@id\":\"https:\\\/\\\/www.apen.es\\\/#organization\"},\"potentialAction\":[{\"@type\":\"SearchAction\",\"target\":{\"@type\":\"EntryPoint\",\"urlTemplate\":\"https:\\\/\\\/www.apen.es\\\/?s={search_term_string}\"},\"query-input\":{\"@type\":\"PropertyValueSpecification\",\"valueRequired\":true,\"valueName\":\"search_term_string\"}}],\"inLanguage\":\"ca\"},{\"@type\":\"Organization\",\"@id\":\"https:\\\/\\\/www.apen.es\\\/#organization\",\"name\":\"Apen: Soluciones inform\u00e1ticas\",\"url\":\"https:\\\/\\\/www.apen.es\\\/\",\"logo\":{\"@type\":\"ImageObject\",\"inLanguage\":\"ca\",\"@id\":\"https:\\\/\\\/www.apen.es\\\/#\\\/schema\\\/logo\\\/image\\\/\",\"url\":\"https:\\\/\\\/www.apen.es\\\/wp-content\\\/uploads\\\/2022\\\/08\\\/logo-apenok-231x82-1.png\",\"contentUrl\":\"https:\\\/\\\/www.apen.es\\\/wp-content\\\/uploads\\\/2022\\\/08\\\/logo-apenok-231x82-1.png\",\"width\":231,\"height\":82,\"caption\":\"Apen: Soluciones inform\u00e1ticas\"},\"image\":{\"@id\":\"https:\\\/\\\/www.apen.es\\\/#\\\/schema\\\/logo\\\/image\\\/\"},\"sameAs\":[\"https:\\\/\\\/www.facebook.com\\\/apensolucions\",\"https:\\\/\\\/www.youtube.com\\\/user\\\/ApenCentreInformatic\",\"https:\\\/\\\/www.linkedin.com\\\/company\\\/1021771?trk=tyah&trkInfo=clickedVerticalcompanyclickedEntityId1021771idx2-1-2tarId1464195271196tasapenin\"]}]}<\/script>\n<!-- \/ Yoast SEO plugin. -->","yoast_head_json":{"title":"Reglament General de Protecci\u00f3 de Dades - Apen Inform\u00e0tica","description":"Evita sancions! Tot just t&#039;adapta a les noves obligacions. A partir del maig del 2018 s&#039;ha d&#039;adaptar a aquesta nova normativa. A penes t&#039;assessora.","robots":{"index":"index","follow":"follow","max-snippet":"max-snippet:-1","max-image-preview":"max-image-preview:large","max-video-preview":"max-video-preview:-1"},"canonical":"https:\/\/www.apen.es\/ca\/reglament-general-de-proteccio-de-dades\/","og_locale":"ca_ES","og_type":"article","og_title":"Reglamento General de Protecci\u00f3n de Datos - Apen Inform\u00e1tica","og_description":"\u00a1Evita sanciones! Apen te adapta a las nuevas obligaciones. A partir de mayo de 2018 se debe adaptar a esta nueva normativa. Apen te asesora.","og_url":"https:\/\/www.apen.es\/ca\/reglament-general-de-proteccio-de-dades\/","og_site_name":"Apen Inform\u00e1tica","article_publisher":"https:\/\/www.facebook.com\/apensolucions","article_modified_time":"2025-07-17T10:13:20+00:00","og_image":[{"width":231,"height":82,"url":"https:\/\/www.apen.es\/wp-content\/uploads\/2016\/05\/logo-apen-231x82-trasparent.png","type":"image\/png"}],"twitter_card":"summary_large_image","twitter_misc":{"Temps estimat de lectura":"4 minuts"},"schema":{"@context":"https:\/\/schema.org","@graph":[{"@type":"WebPage","@id":"https:\/\/www.apen.es\/reglamento-general-de-proteccion-de-datos\/","url":"https:\/\/www.apen.es\/reglamento-general-de-proteccion-de-datos\/","name":"Reglament General de Protecci\u00f3 de Dades - Apen Inform\u00e0tica","isPartOf":{"@id":"https:\/\/www.apen.es\/#website"},"datePublished":"2020-10-09T08:36:17+00:00","dateModified":"2025-07-17T10:13:20+00:00","description":"Evita sancions! Tot just t&#039;adapta a les noves obligacions. A partir del maig del 2018 s&#039;ha d&#039;adaptar a aquesta nova normativa. A penes t&#039;assessora.","breadcrumb":{"@id":"https:\/\/www.apen.es\/reglamento-general-de-proteccion-de-datos\/#breadcrumb"},"inLanguage":"ca","potentialAction":[{"@type":"ReadAction","target":["https:\/\/www.apen.es\/reglamento-general-de-proteccion-de-datos\/"]}]},{"@type":"BreadcrumbList","@id":"https:\/\/www.apen.es\/reglamento-general-de-proteccion-de-datos\/#breadcrumb","itemListElement":[{"@type":"ListItem","position":1,"name":"Portada","item":"https:\/\/www.apen.es\/"},{"@type":"ListItem","position":2,"name":"Reglamento General de Protecci\u00f3n de Datos"}]},{"@type":"WebSite","@id":"https:\/\/www.apen.es\/#website","url":"https:\/\/www.apen.es\/","name":"Apen Inform\u00e0tica","description":"Manteniment inform\u00e0tic , programari de gesti\u00f3, solucions d&#039;impressi\u00f3","publisher":{"@id":"https:\/\/www.apen.es\/#organization"},"potentialAction":[{"@type":"SearchAction","target":{"@type":"EntryPoint","urlTemplate":"https:\/\/www.apen.es\/?s={search_term_string}"},"query-input":{"@type":"PropertyValueSpecification","valueRequired":true,"valueName":"search_term_string"}}],"inLanguage":"ca"},{"@type":"Organization","@id":"https:\/\/www.apen.es\/#organization","name":"Apen: Solucions inform\u00e0tiques","url":"https:\/\/www.apen.es\/","logo":{"@type":"ImageObject","inLanguage":"ca","@id":"https:\/\/www.apen.es\/#\/schema\/logo\/image\/","url":"https:\/\/www.apen.es\/wp-content\/uploads\/2022\/08\/logo-apenok-231x82-1.png","contentUrl":"https:\/\/www.apen.es\/wp-content\/uploads\/2022\/08\/logo-apenok-231x82-1.png","width":231,"height":82,"caption":"Apen: Soluciones inform\u00e1ticas"},"image":{"@id":"https:\/\/www.apen.es\/#\/schema\/logo\/image\/"},"sameAs":["https:\/\/www.facebook.com\/apensolucions","https:\/\/www.youtube.com\/user\/ApenCentreInformatic","https:\/\/www.linkedin.com\/company\/1021771?trk=tyah&trkInfo=clickedVerticalcompanyclickedEntityId1021771idx2-1-2tarId1464195271196tasapenin"]}]}},"taxonomy_info":[],"featured_image_src_large":false,"author_info":{"display_name":"marqueting","author_link":"https:\/\/www.apen.es\/ca\/blog\/author\/marqueting\/"},"comment_info":0,"_links":{"self":[{"href":"https:\/\/www.apen.es\/ca\/wp-json\/wp\/v2\/pages\/19464","targetHints":{"allow":["GET"]}}],"collection":[{"href":"https:\/\/www.apen.es\/ca\/wp-json\/wp\/v2\/pages"}],"about":[{"href":"https:\/\/www.apen.es\/ca\/wp-json\/wp\/v2\/types\/page"}],"author":[{"embeddable":true,"href":"https:\/\/www.apen.es\/ca\/wp-json\/wp\/v2\/users\/4"}],"replies":[{"embeddable":true,"href":"https:\/\/www.apen.es\/ca\/wp-json\/wp\/v2\/comments?post=19464"}],"version-history":[{"count":4,"href":"https:\/\/www.apen.es\/ca\/wp-json\/wp\/v2\/pages\/19464\/revisions"}],"predecessor-version":[{"id":57100,"href":"https:\/\/www.apen.es\/ca\/wp-json\/wp\/v2\/pages\/19464\/revisions\/57100"}],"wp:attachment":[{"href":"https:\/\/www.apen.es\/ca\/wp-json\/wp\/v2\/media?parent=19464"}],"curies":[{"name":"wp","href":"https:\/\/api.w.org\/{rel}","templated":true}]}}